{"id":45,"date":"2019-11-06T02:01:43","date_gmt":"2019-11-06T02:01:43","guid":{"rendered":"http:\/\/www.esterinkirja.fi\/?page_id=45"},"modified":"2025-07-30T12:53:38","modified_gmt":"2025-07-30T12:53:38","slug":"jalleenmyyjat","status":"publish","type":"page","link":"https:\/\/www.esterinkirja.fi\/index.php\/jalleenmyyjat\/","title":{"rendered":"Teokset"},"content":{"rendered":"\n<figure class=\"wp-block-image size-full is-resized\"><a href=\"https:\/\/www.esterinkirja.fi\/wp-content\/uploads\/2025\/07\/ulla_lintulampi_lasintuollapuolen_web.jpg\"><img loading=\"lazy\" decoding=\"async\" width=\"1500\" height=\"1994\" src=\"https:\/\/www.esterinkirja.fi\/wp-content\/uploads\/2025\/07\/ulla_lintulampi_lasintuollapuolen_web.jpg\" alt=\"\" class=\"wp-image-583\" style=\"width:300px\" srcset=\"https:\/\/www.esterinkirja.fi\/wp-content\/uploads\/2025\/07\/ulla_lintulampi_lasintuollapuolen_web.jpg 1500w, https:\/\/www.esterinkirja.fi\/wp-content\/uploads\/2025\/07\/ulla_lintulampi_lasintuollapuolen_web-226x300.jpg 226w, https:\/\/www.esterinkirja.fi\/wp-content\/uploads\/2025\/07\/ulla_lintulampi_lasintuollapuolen_web-770x1024.jpg 770w, https:\/\/www.esterinkirja.fi\/wp-content\/uploads\/2025\/07\/ulla_lintulampi_lasintuollapuolen_web-768x1021.jpg 768w, https:\/\/www.esterinkirja.fi\/wp-content\/uploads\/2025\/07\/ulla_lintulampi_lasintuollapuolen_web-1155x1536.jpg 1155w\" sizes=\"auto, (max-width: 1500px) 100vw, 1500px\" \/><\/a><\/figure>\n\n\n\n<h3 class=\"wp-block-heading\">Lasin toisella puolen (2025)<\/h3>\n\n\n\n<p><strong>Ulla Lintulampi<\/strong><\/p>\n\n\n\n<p>Runoelma ulkopuolisuuden kokemuksesta ja toisinaan mahdottomasta yhteydest\u00e4 toiseen ihmiseen.<\/p>\n\n\n\n<p>\u201dEhk\u00e4 meiss\u00e4 oli jotain samaa.<br>Ainakin siin\u00e4 hetkess\u00e4.<br>Vet\u00e4ydyttiin toisiimme kuin huoneisiin, joita asuttavat menneen murheet ja kipin\u00f6iv\u00e4 huominen.<br>Hamuttiin kourat hikisin\u00e4 sit\u00e4 jotain, mit\u00e4 ei ole koskaan ollut olemassa<br>oltiin valmiita etsim\u00e4\u00e4n mist\u00e4 vaan<br>kaivamaan vaikka maan alta, kynsinauhat kirvellen.<br>Mietittiin, ett\u00e4 koetaanko me kaikki v\u00e4\u00e4rin ja ollaanko yht\u00e4\u00e4n ajassa kiinni<br>oltiin aina kurottamassa muualle, kuromassa aikaa umpeen.<br>El\u00e4m\u00e4n keskeiset tapahtumat iskostuvat meihin aina vasta j\u00e4lkik\u00e4teen.\u201d<\/p>\n\n\n\n<div style=\"height:100px\" aria-hidden=\"true\" class=\"wp-block-spacer\"><\/div>\n\n\n\n<figure class=\"wp-block-image size-full is-resized\"><a href=\"https:\/\/www.esterinkirja.fi\/wp-content\/uploads\/2024\/10\/JOOSE_KESKITALO_TPP_KANSI_p.jpg\"><img loading=\"lazy\" decoding=\"async\" width=\"315\" height=\"551\" src=\"https:\/\/www.esterinkirja.fi\/wp-content\/uploads\/2024\/10\/JOOSE_KESKITALO_TPP_KANSI_p.jpg\" alt=\"\" class=\"wp-image-569\" style=\"width:300px\" srcset=\"https:\/\/www.esterinkirja.fi\/wp-content\/uploads\/2024\/10\/JOOSE_KESKITALO_TPP_KANSI_p.jpg 315w, https:\/\/www.esterinkirja.fi\/wp-content\/uploads\/2024\/10\/JOOSE_KESKITALO_TPP_KANSI_p-172x300.jpg 172w\" sizes=\"auto, (max-width: 315px) 100vw, 315px\" \/><\/a><\/figure>\n\n\n\n<h3 class=\"wp-block-heading\"><strong><font face=\"arial, sans-serif\"><\/font><\/strong><div><div class=\"nH\"><div class=\"nH\"><div class=\"nH aqk aql bkL\"><div class=\"nH bkK\"><div class=\"nH\"><div class=\"nH ar4 z\"><div class=\"aeI\"><div class=\"AO\"><div id=\":3\" class=\"Tm aeJ\"><div id=\":1\" class=\"aeF\"><div class=\"nH\"><div class=\"nH\" role=\"main\"><div class=\"nH g id\"><div class=\"nH a98 iY\"><div class=\"nH\"><div class=\"aHU hx\"><div role=\"list\"><div class=\"h7 bg\" role=\"listitem\" aria-expanded=\"true\" tabindex=\"-1\"><div class=\"Bk\"><div class=\"G3 G2 afm\"><div><div id=\":1r2\"><div class=\"adn ads\" data-message-id=\"#msg-f:1811970437056701408\" data-legacy-message-id=\"19256983244623e0\"><div class=\"gs\"><div class=\"\"><div id=\":1r5\" class=\"ii gt adO\"><div id=\":1r4\" class=\"a3s aiL \"><div dir=\"ltr\"><div><font face=\"arial, sans-serif\">T\u00e4hdet palaavat paikoilleen (2024)<\/font><\/div><\/div><\/div><\/div><\/div><\/div><\/div><\/div><\/div><\/div><\/div><\/div><\/div><\/div><\/div><\/div><\/div><\/div><\/div><\/div><\/div><\/div><\/div><\/div><\/div><\/div><\/div><\/div><\/div><\/div><\/h3>\n\n\n\n<p><strong>Joose Keskitalo<\/strong><\/p>\n\n\n\n<p><em>T\u00e4hdet palaavat paikoilleen <\/em>(Esterin Kirja &amp; Helmi Levyt, 2024) on Joose Keskitalon lajirajoja ylitt\u00e4v\u00e4 proosakatkelmateos, joka avaa samannimisen albumin kappaleita. Teos kuvaa lauluntekij\u00e4n henkil\u00f6kohtaista historiaa, laulujen kirjoittamista, keikkareissuja. Teos kuljettaa l\u00e4pi proosan ja runon, unen ja valveen, arjen ja pyhien. Vahvana elementtin\u00e4 teoksessa ovat Raamatun sitaatit ja Raamatun tekstien perkaminen.<\/p>\n\n\n\n<div style=\"height:100px\" aria-hidden=\"true\" class=\"wp-block-spacer\"><\/div>\n\n\n\n<figure class=\"wp-block-image size-large is-resized\"><a href=\"https:\/\/www.esterinkirja.fi\/wp-content\/uploads\/2022\/06\/keijo_virtanen_huminan_alla.jpg\"><img loading=\"lazy\" decoding=\"async\" width=\"724\" height=\"1024\" src=\"https:\/\/www.esterinkirja.fi\/wp-content\/uploads\/2022\/06\/keijo_virtanen_huminan_alla-724x1024.jpg\" alt=\"\" class=\"wp-image-550\" style=\"width:300px\" srcset=\"https:\/\/www.esterinkirja.fi\/wp-content\/uploads\/2022\/06\/keijo_virtanen_huminan_alla-724x1024.jpg 724w, https:\/\/www.esterinkirja.fi\/wp-content\/uploads\/2022\/06\/keijo_virtanen_huminan_alla-212x300.jpg 212w, https:\/\/www.esterinkirja.fi\/wp-content\/uploads\/2022\/06\/keijo_virtanen_huminan_alla-768x1087.jpg 768w, https:\/\/www.esterinkirja.fi\/wp-content\/uploads\/2022\/06\/keijo_virtanen_huminan_alla-1086x1536.jpg 1086w, https:\/\/www.esterinkirja.fi\/wp-content\/uploads\/2022\/06\/keijo_virtanen_huminan_alla-1448x2048.jpg 1448w, https:\/\/www.esterinkirja.fi\/wp-content\/uploads\/2022\/06\/keijo_virtanen_huminan_alla.jpg 1579w\" sizes=\"auto, (max-width: 724px) 100vw, 724px\" \/><\/a><\/figure>\n\n\n\n<h3 class=\"wp-block-heading\"><strong>Huminan alla (2022)<\/strong><\/h3>\n\n\n\n<p><strong>Keijo Virtanen<\/strong><\/p>\n\n\n\n<p>Huminan alla on lyyrisen esseen ja lyijykyn\u00e4piirrustusten yhdistelm\u00e4, joka kertoo hauraalla tavalla metsiemme tuhosta ja m\u00e4ntyjen suuruudesta.<\/p>\n\n\n\n<div style=\"height:100px\" aria-hidden=\"true\" class=\"wp-block-spacer\"><\/div>\n\n\n\n<figure class=\"wp-block-image size-large is-resized\"><a href=\"https:\/\/www.esterinkirja.fi\/wp-content\/uploads\/2021\/12\/unne_nirhamo_bebete_a_poetry_collection.jpg\"><img loading=\"lazy\" decoding=\"async\" width=\"808\" height=\"1024\" src=\"https:\/\/www.esterinkirja.fi\/wp-content\/uploads\/2021\/12\/unne_nirhamo_bebete_a_poetry_collection-808x1024.jpg\" alt=\"\" class=\"wp-image-528\" style=\"width:300px\" srcset=\"https:\/\/www.esterinkirja.fi\/wp-content\/uploads\/2021\/12\/unne_nirhamo_bebete_a_poetry_collection-808x1024.jpg 808w, https:\/\/www.esterinkirja.fi\/wp-content\/uploads\/2021\/12\/unne_nirhamo_bebete_a_poetry_collection-237x300.jpg 237w, https:\/\/www.esterinkirja.fi\/wp-content\/uploads\/2021\/12\/unne_nirhamo_bebete_a_poetry_collection-768x973.jpg 768w, https:\/\/www.esterinkirja.fi\/wp-content\/uploads\/2021\/12\/unne_nirhamo_bebete_a_poetry_collection.jpg 1181w\" sizes=\"auto, (max-width: 808px) 100vw, 808px\" \/><\/a><\/figure>\n\n\n\n<h3 class=\"wp-block-heading\"><strong>Bebete &#8211; A Poetry Collection 2021-2016 (2021)<\/strong><\/h3>\n\n\n\n<p><strong>Unne Nirhamo<\/strong><\/p>\n\n\n\n<p>Bebete on kollaasimainen runokokoelma raadollisesta el\u00e4m\u00e4st\u00e4, jossa veri ja kyyneleet vaihtuvat pensseliin. Teos kumartaa feminismille ja menneille ajattelijoille, taiteilijoille. Teos on k\u00e4sin sidottu ilman liimaa.<\/p>\n\n\n\n<div style=\"height:100px\" aria-hidden=\"true\" class=\"wp-block-spacer\"><\/div>\n\n\n\n<figure class=\"wp-block-image size-large is-resized\"><a href=\"https:\/\/www.esterinkirja.fi\/wp-content\/uploads\/2021\/12\/karlo_haapiainen_sigfried_holopaisen_valitut_kokemukset.jpg\"><img loading=\"lazy\" decoding=\"async\" width=\"722\" height=\"1024\" src=\"https:\/\/www.esterinkirja.fi\/wp-content\/uploads\/2021\/12\/karlo_haapiainen_sigfried_holopaisen_valitut_kokemukset-722x1024.jpg\" alt=\"\" class=\"wp-image-529\" style=\"width:300px\" srcset=\"https:\/\/www.esterinkirja.fi\/wp-content\/uploads\/2021\/12\/karlo_haapiainen_sigfried_holopaisen_valitut_kokemukset-722x1024.jpg 722w, https:\/\/www.esterinkirja.fi\/wp-content\/uploads\/2021\/12\/karlo_haapiainen_sigfried_holopaisen_valitut_kokemukset-211x300.jpg 211w, https:\/\/www.esterinkirja.fi\/wp-content\/uploads\/2021\/12\/karlo_haapiainen_sigfried_holopaisen_valitut_kokemukset-768x1090.jpg 768w, https:\/\/www.esterinkirja.fi\/wp-content\/uploads\/2021\/12\/karlo_haapiainen_sigfried_holopaisen_valitut_kokemukset-1083x1536.jpg 1083w, https:\/\/www.esterinkirja.fi\/wp-content\/uploads\/2021\/12\/karlo_haapiainen_sigfried_holopaisen_valitut_kokemukset-1444x2048.jpg 1444w, https:\/\/www.esterinkirja.fi\/wp-content\/uploads\/2021\/12\/karlo_haapiainen_sigfried_holopaisen_valitut_kokemukset.jpg 1748w\" sizes=\"auto, (max-width: 722px) 100vw, 722px\" \/><\/a><\/figure>\n\n\n\n<h3 class=\"wp-block-heading\"><strong>Sigfried Holopaisen valitut kokemukset (2022)<\/strong><\/h3>\n\n\n\n<p><strong>Karlo Haapiainen<\/strong><\/p>\n\n\n\n<p>Sigfried Holopaisen valitut kokemukset on kertomus el\u00e4m\u00e4st\u00e4, jossa ihmiset ja kaupungit vaihtuvat kuin mustat sukat &#8211; ei sukkiin lainkaan.<\/p>\n\n\n\n<p>Teos on hulvaton ja liikuttava kokoelma lyhyit\u00e4 tarinoita muun muassa Kymenlaaksosta, Hervannasta ja Sompasaunalta, unohtamatta eroottiss\u00e4vytteist\u00e4 kohtausta rikkaan suvun linnasta.<\/p>\n\n\n\n<p>Haapiaisen kieli vet\u00e4\u00e4 mukaansa, lukija voi halutessaan heitt\u00e4yty\u00e4 kertojan arvaamattomalle mielenmaisemalle.<\/p>\n\n\n\n<div style=\"height:100px\" aria-hidden=\"true\" class=\"wp-block-spacer\"><\/div>\n\n\n\n<figure class=\"wp-block-image size-large is-resized\"><a href=\"https:\/\/www.esterinkirja.fi\/wp-content\/uploads\/2021\/05\/sami_liuhto_yr_wyddfa_1_tyhjio4_kansi.jpg\"><img loading=\"lazy\" decoding=\"async\" width=\"1024\" height=\"1024\" src=\"https:\/\/www.esterinkirja.fi\/wp-content\/uploads\/2021\/05\/sami_liuhto_yr_wyddfa_1_tyhjio4_kansi-1024x1024.jpg\" alt=\"\" class=\"wp-image-465\" style=\"width:300px\" srcset=\"https:\/\/www.esterinkirja.fi\/wp-content\/uploads\/2021\/05\/sami_liuhto_yr_wyddfa_1_tyhjio4_kansi-1024x1024.jpg 1024w, https:\/\/www.esterinkirja.fi\/wp-content\/uploads\/2021\/05\/sami_liuhto_yr_wyddfa_1_tyhjio4_kansi-300x300.jpg 300w, https:\/\/www.esterinkirja.fi\/wp-content\/uploads\/2021\/05\/sami_liuhto_yr_wyddfa_1_tyhjio4_kansi-150x150.jpg 150w, https:\/\/www.esterinkirja.fi\/wp-content\/uploads\/2021\/05\/sami_liuhto_yr_wyddfa_1_tyhjio4_kansi-768x767.jpg 768w, https:\/\/www.esterinkirja.fi\/wp-content\/uploads\/2021\/05\/sami_liuhto_yr_wyddfa_1_tyhjio4_kansi-1536x1534.jpg 1536w, https:\/\/www.esterinkirja.fi\/wp-content\/uploads\/2021\/05\/sami_liuhto_yr_wyddfa_1_tyhjio4_kansi.jpg 1650w\" sizes=\"auto, (max-width: 1024px) 100vw, 1024px\" \/><\/a><\/figure>\n\n\n\n<h3 class=\"wp-block-heading\"><strong>Yr Wyddfa 1. Tyhji\u00f64 (2021)<\/strong><\/h3>\n\n\n\n<p><strong>Sami Liuhto<\/strong><\/p>\n\n\n\n<p>Etenem\u00e4t\u00f6nt\u00e4 ja keskustelematonta runoutta. Vuori on yh\u00e4 olemassa, mutta muoto on muuttunut, ehk\u00e4. Tekij\u00e4 ei ole milloinkaan k\u00e4ynyt Walesissa.<\/p>\n\n\n\n<div style=\"height:100px\" aria-hidden=\"true\" class=\"wp-block-spacer\"><\/div>\n\n\n\n<figure class=\"wp-block-image size-large is-resized\"><a href=\"https:\/\/www.esterinkirja.fi\/wp-content\/uploads\/2021\/05\/elmy_helmos_nain_nahdaan_unia_kansi.jpg\"><img loading=\"lazy\" decoding=\"async\" width=\"634\" height=\"1024\" src=\"https:\/\/www.esterinkirja.fi\/wp-content\/uploads\/2021\/05\/elmy_helmos_nain_nahdaan_unia_kansi-634x1024.jpg\" alt=\"\" class=\"wp-image-462\" style=\"width:300px\" srcset=\"https:\/\/www.esterinkirja.fi\/wp-content\/uploads\/2021\/05\/elmy_helmos_nain_nahdaan_unia_kansi-634x1024.jpg 634w, https:\/\/www.esterinkirja.fi\/wp-content\/uploads\/2021\/05\/elmy_helmos_nain_nahdaan_unia_kansi-186x300.jpg 186w, https:\/\/www.esterinkirja.fi\/wp-content\/uploads\/2021\/05\/elmy_helmos_nain_nahdaan_unia_kansi-768x1241.jpg 768w, https:\/\/www.esterinkirja.fi\/wp-content\/uploads\/2021\/05\/elmy_helmos_nain_nahdaan_unia_kansi-951x1536.jpg 951w, https:\/\/www.esterinkirja.fi\/wp-content\/uploads\/2021\/05\/elmy_helmos_nain_nahdaan_unia_kansi-1268x2048.jpg 1268w, https:\/\/www.esterinkirja.fi\/wp-content\/uploads\/2021\/05\/elmy_helmos_nain_nahdaan_unia_kansi.jpg 1535w\" sizes=\"auto, (max-width: 634px) 100vw, 634px\" \/><\/a><\/figure>\n\n\n\n<h3 class=\"wp-block-heading\"><strong>N\u00e4in n\u00e4hd\u00e4\u00e4n unia (2021)<\/strong><\/h3>\n\n\n\n<p><strong>Elmy Helmos<\/strong><\/p>\n\n\n\n<p>N\u00e4in n\u00e4hd\u00e4\u00e4n unia on Elmy Helmoksen esikoisrunovihko, sadunomainen runoelma, jonka on kuvittanut kuvataiteilija Alissa Koski. T\u00e4m\u00e4 \u201copettavainen runoelma ilman varsinaista opetusta\u201d on ylistys unity\u00f6lle, kaikelle sille, mit\u00e4 uni n\u00e4ytt\u00e4\u00e4 tarkalle katselijalle. Uni yhdist\u00e4\u00e4 ja kuljettaa toisaalle, kirjoittaa sis\u00e4\u00e4ns\u00e4 sen mit\u00e4 on ollut; on; voisi olla. Miss\u00e4 m\u00e4\u00e4rin el\u00e4m\u00e4 on unta? Ent\u00e4 tarinat, muistot ja tunteet? Mist\u00e4 unet saapuvat ja minne ne p\u00e4\u00e4ttyv\u00e4t? N\u00e4it\u00e4 asioita N\u00e4in n\u00e4hd\u00e4\u00e4n unia johdattaa ihmettelem\u00e4\u00e4n kahden kellonly\u00f6m\u00e4n v\u00e4liin, jotka sulkevat sis\u00e4\u00e4ns\u00e4 kokonaisen maailman.<\/p>\n\n\n\n<div style=\"height:100px\" aria-hidden=\"true\" class=\"wp-block-spacer\"><\/div>\n\n\n\n<figure class=\"wp-block-image size-large is-resized\"><a href=\"http:\/\/www.esterinkirja.fi\/wp-content\/uploads\/2020\/10\/atte_koskinen_aamuun_nousevat.jpg\"><img loading=\"lazy\" decoding=\"async\" width=\"726\" height=\"1024\" src=\"http:\/\/www.esterinkirja.fi\/wp-content\/uploads\/2020\/10\/atte_koskinen_aamuun_nousevat-726x1024.jpg\" alt=\"\" class=\"wp-image-354\" style=\"width:300px\" srcset=\"https:\/\/www.esterinkirja.fi\/wp-content\/uploads\/2020\/10\/atte_koskinen_aamuun_nousevat-726x1024.jpg 726w, https:\/\/www.esterinkirja.fi\/wp-content\/uploads\/2020\/10\/atte_koskinen_aamuun_nousevat-213x300.jpg 213w, https:\/\/www.esterinkirja.fi\/wp-content\/uploads\/2020\/10\/atte_koskinen_aamuun_nousevat-768x1083.jpg 768w, https:\/\/www.esterinkirja.fi\/wp-content\/uploads\/2020\/10\/atte_koskinen_aamuun_nousevat-1090x1536.jpg 1090w, https:\/\/www.esterinkirja.fi\/wp-content\/uploads\/2020\/10\/atte_koskinen_aamuun_nousevat.jpg 1240w\" sizes=\"auto, (max-width: 726px) 100vw, 726px\" \/><\/a><\/figure>\n\n\n\n<h3 class=\"wp-block-heading\"><strong>Aamuun nousevat (2020)<\/strong><\/h3>\n\n\n\n<p><strong>Atte Koskinen<\/strong><\/p>\n\n\n\n<p>Runoelma aamusta, joka yhdist\u00e4\u00e4 romantiikan perinnett\u00e4 ja nykyrunoutta.<\/p>\n\n\n\n<p>\u201cAamuun nousevat on oodi ja hautajaislaulu romantiikalle, sek\u00e4 todistus pienkustantamojen t\u00e4rkeydest\u00e4. Se tuntuu tislanneen romantiikan muiston kokonaisuudessaan tuottaakseen pisaran puhdasta kauneutta.\u201d<\/p>\n\n\n\n<p>&#8211; Carlos Lievonen, Nuori Voima 2\/2020<\/p>\n\n\n\n<div style=\"height:100px\" aria-hidden=\"true\" class=\"wp-block-spacer\"><\/div>\n\n\n\n<figure class=\"wp-block-image size-large is-resized\"><a href=\"http:\/\/www.esterinkirja.fi\/wp-content\/uploads\/2020\/10\/venla-vanamo_asikainen_tuomas_taskinen_lainattua_valoa.jpg\"><img loading=\"lazy\" decoding=\"async\" width=\"721\" height=\"1024\" src=\"http:\/\/www.esterinkirja.fi\/wp-content\/uploads\/2020\/10\/venla-vanamo_asikainen_tuomas_taskinen_lainattua_valoa-721x1024.jpg\" alt=\"\" class=\"wp-image-357\" style=\"width:300px\" srcset=\"https:\/\/www.esterinkirja.fi\/wp-content\/uploads\/2020\/10\/venla-vanamo_asikainen_tuomas_taskinen_lainattua_valoa-721x1024.jpg 721w, https:\/\/www.esterinkirja.fi\/wp-content\/uploads\/2020\/10\/venla-vanamo_asikainen_tuomas_taskinen_lainattua_valoa-211x300.jpg 211w, https:\/\/www.esterinkirja.fi\/wp-content\/uploads\/2020\/10\/venla-vanamo_asikainen_tuomas_taskinen_lainattua_valoa-768x1090.jpg 768w, https:\/\/www.esterinkirja.fi\/wp-content\/uploads\/2020\/10\/venla-vanamo_asikainen_tuomas_taskinen_lainattua_valoa-1082x1536.jpg 1082w, https:\/\/www.esterinkirja.fi\/wp-content\/uploads\/2020\/10\/venla-vanamo_asikainen_tuomas_taskinen_lainattua_valoa.jpg 1165w\" sizes=\"auto, (max-width: 721px) 100vw, 721px\" \/><\/a><\/figure>\n\n\n\n<h3 class=\"wp-block-heading\"><strong>Lainattua valoa (2019)<\/strong><\/h3>\n\n\n\n<p><strong>Venla-Vanamo Asikainen &amp; Tuomas Taskinen<\/strong><\/p>\n\n\n\n<p>Runodialogi Lainattua valoa sukeltaa vesiv\u00e4riaaltoihin ja nousee yl\u00f6s mittaamaan aikaa kuin klepsydra. Kolmiosainen runokirja muuntaa muotojaan ja hy\u00f6kyy sanojen sanomattomaan. Dialogi viestii yst\u00e4vyyden vallankumouksellisuutta. K\u00e4sin sidottu teos ilman liimaa.<\/p>\n\n\n\n<p>&#8220;Arkinen keskener\u00e4isyys ja prosessinomaisuus n\u00e4kyv\u00e4t runojen muodossa ja kirjan k\u00e4sin sidotussa, pehme\u00e4ss\u00e4 materiaalisessa olemuksessa.&nbsp;<em>Lainattua valoa<\/em>&nbsp;ei pyri sanomaan viimeist\u00e4 sanaa sen enemp\u00e4\u00e4 itsest\u00e4\u00e4n kuin kuvaamastaan maailmasta.&#8221;<\/p>\n\n\n\n<p>&#8211; Lydia Lehtola, Nuori Voima, 16.9.2019<\/p>\n\n\n\n<figure class=\"wp-block-image size-large is-resized\"><a href=\"http:\/\/www.esterinkirja.fi\/wp-content\/uploads\/2020\/10\/paavo_kassi_alkuluku.jpg\"><img loading=\"lazy\" decoding=\"async\" width=\"582\" height=\"826\" src=\"http:\/\/www.esterinkirja.fi\/wp-content\/uploads\/2020\/10\/paavo_kassi_alkuluku.jpg\" alt=\"\" class=\"wp-image-361\" style=\"width:300px\" srcset=\"https:\/\/www.esterinkirja.fi\/wp-content\/uploads\/2020\/10\/paavo_kassi_alkuluku.jpg 582w, https:\/\/www.esterinkirja.fi\/wp-content\/uploads\/2020\/10\/paavo_kassi_alkuluku-211x300.jpg 211w\" sizes=\"auto, (max-width: 582px) 100vw, 582px\" \/><\/a><\/figure>\n\n\n\n<h3 class=\"wp-block-heading\"><strong>Alkuluku (2018)<\/strong><\/h3>\n\n\n\n<p><strong>Paavo K\u00e4ssi<\/strong><\/p>\n\n\n\n<p>Minimalistinen teos pelimaailmasta.<\/p>\n\n\n\n<p>\u201cJos sis\u00e4lt\u00f6orientoitunut pelirunous on helposti mennyt maksimalistiseksi vy\u00f6ryttelyksi, K\u00e4ssin pelialustaan ja koodiin ulottuvaa n\u00e4kemyst\u00e4 voisi kuvailla digiminimalismiksi.\u201d<\/p>\n\n\n\n<p>\u201cVihkon rakkaudellinen k\u00e4sity\u00f6 on kutkuttavassa ristiriidassa virtuaalisen aiheen kanssa. Harvakseltaan julkaiseva vihkopaja tekee l\u00e4hinn\u00e4 helmi\u00e4.\u201d<\/p>\n\n\n\n<p>&#8211; Vesa Rantama, Nuori Voima 5\/2019<\/p>\n\n\n\n<div style=\"height:100px\" aria-hidden=\"true\" class=\"wp-block-spacer\"><\/div>\n\n\n\n<figure class=\"wp-block-image size-large is-resized\"><a href=\"http:\/\/www.esterinkirja.fi\/wp-content\/uploads\/2020\/10\/ester_nuori_leppa_rukous_eleni_affalle.jpg\"><img loading=\"lazy\" decoding=\"async\" width=\"719\" height=\"1024\" src=\"http:\/\/www.esterinkirja.fi\/wp-content\/uploads\/2020\/10\/ester_nuori_leppa_rukous_eleni_affalle-719x1024.jpg\" alt=\"\" class=\"wp-image-363\" style=\"width:300px\" srcset=\"https:\/\/www.esterinkirja.fi\/wp-content\/uploads\/2020\/10\/ester_nuori_leppa_rukous_eleni_affalle-719x1024.jpg 719w, https:\/\/www.esterinkirja.fi\/wp-content\/uploads\/2020\/10\/ester_nuori_leppa_rukous_eleni_affalle-211x300.jpg 211w, https:\/\/www.esterinkirja.fi\/wp-content\/uploads\/2020\/10\/ester_nuori_leppa_rukous_eleni_affalle-768x1094.jpg 768w, https:\/\/www.esterinkirja.fi\/wp-content\/uploads\/2020\/10\/ester_nuori_leppa_rukous_eleni_affalle.jpg 885w\" sizes=\"auto, (max-width: 719px) 100vw, 719px\" \/><\/a><\/figure>\n\n\n\n<h3 class=\"wp-block-heading\"><strong>Rukous Eleni \u00c4ff\u00e4lle (2017)<\/strong><\/h3>\n\n\n\n<p><strong>Ester Nuori Lepp\u00e4<\/strong><\/p>\n\n\n\n<p>Kokooma runoja vuosilta 2014-2017. Kirjallisen her\u00e4\u00e4misen kuvauksesta Elenin punaisiin hiuksiin.<\/p>\n\n\n\n<p>\u201cEster Nuoren Lep\u00e4n vihko on melankolinen, depressiivinen, yksityiskohtiin takertuva, itsetuhoinenkin, mutta taiteena se lunastaa aiheensa. Runot tuntuvat kysyv\u00e4n: eik\u00f6 ole t\u00e4m\u00e4n enemp\u00e4\u00e4? Ja ovat itse enemm\u00e4n.\u201d<\/p>\n\n\n\n<p>&#8211; Vesa Rantama, Tuli&amp;Savu nro. 90<\/p>\n\n\n\n<div style=\"height:100px\" aria-hidden=\"true\" class=\"wp-block-spacer\"><\/div>\n\n\n\n<figure class=\"wp-block-image size-large is-resized\"><a href=\"http:\/\/www.esterinkirja.fi\/wp-content\/uploads\/2020\/10\/salla_partala_hunajankantajien_aika.jpg\"><img loading=\"lazy\" decoding=\"async\" width=\"582\" height=\"826\" src=\"http:\/\/www.esterinkirja.fi\/wp-content\/uploads\/2020\/10\/salla_partala_hunajankantajien_aika.jpg\" alt=\"\" class=\"wp-image-359\" style=\"width:300px\" srcset=\"https:\/\/www.esterinkirja.fi\/wp-content\/uploads\/2020\/10\/salla_partala_hunajankantajien_aika.jpg 582w, https:\/\/www.esterinkirja.fi\/wp-content\/uploads\/2020\/10\/salla_partala_hunajankantajien_aika-211x300.jpg 211w\" sizes=\"auto, (max-width: 582px) 100vw, 582px\" \/><\/a><\/figure>\n\n\n\n<h3 class=\"wp-block-heading\"><strong>Hunajankantajien aika (2017)<\/strong><\/h3>\n\n\n\n<p><strong>Salla Partala<\/strong><\/p>\n\n\n\n<p>\u201cHunajankantajien mytologiaa voi tulkita ekokriittisest\u00e4 n\u00e4k\u00f6kulmasta tai jonkinlaisena yleisemp\u00e4n\u00e4 hedelm\u00e4tt\u00f6myyden kuvana. Toisaalta: onko niill\u00e4 oleellista eroa?\u201d<\/p>\n\n\n\n<p>\u201cMehil\u00e4iset lent\u00e4v\u00e4t ja surraavat, haipuvat pime\u00e4\u00e4n, surraavat surua oman lajinsa katoamisesta, kaiken peittymisest\u00e4 hiljaisuuteen.\u201d<\/p>\n\n\n\n<p>&#8211; Penjami Lehto 22.12.2017 \/ noesis.fi<\/p>\n\n\n\n<div style=\"height:100px\" aria-hidden=\"true\" class=\"wp-block-spacer\"><\/div>\n\n\n\n<figure class=\"wp-block-image size-large is-resized\"><a href=\"http:\/\/www.esterinkirja.fi\/wp-content\/uploads\/2020\/10\/ester_nuori_leppa_suo_sammalta.jpg\"><img loading=\"lazy\" decoding=\"async\" width=\"1000\" height=\"1000\" src=\"http:\/\/www.esterinkirja.fi\/wp-content\/uploads\/2020\/10\/ester_nuori_leppa_suo_sammalta.jpg\" alt=\"\" class=\"wp-image-352\" style=\"width:300px\" srcset=\"https:\/\/www.esterinkirja.fi\/wp-content\/uploads\/2020\/10\/ester_nuori_leppa_suo_sammalta.jpg 1000w, https:\/\/www.esterinkirja.fi\/wp-content\/uploads\/2020\/10\/ester_nuori_leppa_suo_sammalta-300x300.jpg 300w, https:\/\/www.esterinkirja.fi\/wp-content\/uploads\/2020\/10\/ester_nuori_leppa_suo_sammalta-150x150.jpg 150w, https:\/\/www.esterinkirja.fi\/wp-content\/uploads\/2020\/10\/ester_nuori_leppa_suo_sammalta-768x768.jpg 768w\" sizes=\"auto, (max-width: 1000px) 100vw, 1000px\" \/><\/a><\/figure>\n\n\n\n<h3 class=\"wp-block-heading\"><br><strong>Suo sammalta (2014)<\/strong><\/h3>\n\n\n\n<p><strong>Ester Nuori Lepp\u00e4<\/strong><\/p>\n\n\n\n<p>Kuvitettu, neliosainen novelli, joka k\u00e4sittelee kuolemaa, yksin\u00e4isyytt\u00e4 ja turvattomuutta runon keinoin. Kannen kuva: Lille Santanen.<\/p>\n\n\n\n<div style=\"height:100px\" aria-hidden=\"true\" class=\"wp-block-spacer\"><\/div>\n\n\n\n<figure class=\"wp-block-image size-large\"><a href=\"http:\/\/www.esterinkirja.fi\/wp-content\/uploads\/2020\/10\/oi-zine_kansikuvia-1.jpg\"><img loading=\"lazy\" decoding=\"async\" width=\"1024\" height=\"484\" src=\"http:\/\/www.esterinkirja.fi\/wp-content\/uploads\/2020\/10\/oi-zine_kansikuvia-1-1024x484.jpg\" alt=\"\" class=\"wp-image-406\" srcset=\"https:\/\/www.esterinkirja.fi\/wp-content\/uploads\/2020\/10\/oi-zine_kansikuvia-1-1024x484.jpg 1024w, https:\/\/www.esterinkirja.fi\/wp-content\/uploads\/2020\/10\/oi-zine_kansikuvia-1-300x142.jpg 300w, https:\/\/www.esterinkirja.fi\/wp-content\/uploads\/2020\/10\/oi-zine_kansikuvia-1-768x363.jpg 768w, https:\/\/www.esterinkirja.fi\/wp-content\/uploads\/2020\/10\/oi-zine_kansikuvia-1-1536x726.jpg 1536w, https:\/\/www.esterinkirja.fi\/wp-content\/uploads\/2020\/10\/oi-zine_kansikuvia-1-2048x968.jpg 2048w\" sizes=\"auto, (max-width: 1024px) 100vw, 1024px\" \/><\/a><\/figure>\n\n\n\n<h3 class=\"wp-block-heading\"><br><strong>OI -zine<\/strong><\/h3>\n\n\n\n<p>OI-zinen julkaistut numerot:<\/p>\n\n\n\n<ol class=\"wp-block-list\">\n<li>Ameba<\/li>\n\n\n\n<li>Ultramariini<\/li>\n\n\n\n<li>Virhe<\/li>\n\n\n\n<li>K\u00e4ytt\u00f6opas<\/li>\n\n\n\n<li>\u00c4\u00e4ri<\/li>\n\n\n\n<li>Mets\u00e4<\/li>\n\n\n\n<li>Arki<\/li>\n\n\n\n<li>Painauma<\/li>\n\n\n\n<li>Lautta<\/li>\n\n\n\n<li>Laboratorio\/oratorio<\/li>\n\n\n\n<li>Upotus<\/li>\n\n\n\n<li>Tarjoiluehdotus<\/li>\n<\/ol>\n","protected":false},"excerpt":{"rendered":"<p>Lasin toisella puolen (2025) Ulla Lintulampi Runoelma ulkopuolisuuden kokemuksesta ja toisinaan mahdottomasta yhteydest\u00e4 toiseen ihmiseen. \u201dEhk\u00e4 meiss\u00e4 oli jotain samaa.Ainakin siin\u00e4 hetkess\u00e4.Vet\u00e4ydyttiin toisiimme kuin huoneisiin, joita asuttavat menneen murheet ja kipin\u00f6iv\u00e4 huominen.Hamuttiin kourat hikisin\u00e4 sit\u00e4 jotain, mit\u00e4 ei ole koskaan ollut olemassaoltiin valmiita etsim\u00e4\u00e4n mist\u00e4 vaankaivamaan vaikka maan alta, kynsinauhat kirvellen.Mietittiin, ett\u00e4 koetaanko me kaikki [&hellip;]<\/p>\n","protected":false},"author":1,"featured_media":0,"parent":0,"menu_order":0,"comment_status":"closed","ping_status":"closed","template":"","meta":{"site-sidebar-layout":"default","site-content-layout":"default","ast-site-content-layout":"default","site-content-style":"default","site-sidebar-style":"default","ast-global-header-display":"","ast-banner-title-visibility":"","ast-main-header-display":"","ast-hfb-above-header-display":"","ast-hfb-below-header-display":"","ast-hfb-mobile-header-display":"","site-post-title":"disabled","ast-breadcrumbs-content":"","ast-featured-img":"","footer-sml-layout":"","ast-disable-related-posts":"","theme-transparent-header-meta":"default","adv-header-id-meta":"","stick-header-meta":"","header-above-stick-meta":"","header-main-stick-meta":"","header-below-stick-meta":"","astra-migrate-meta-layouts":"set","ast-page-background-enabled":"default","ast-page-background-meta":{"desktop":{"background-color":"","background-image":"","background-repeat":"repeat","background-position":"center center","background-size":"auto","background-attachment":"scroll","background-type":"","background-media":"","overlay-type":"","overlay-color":"","overlay-opacity":"","overlay-gradient":""},"tablet":{"background-color":"","background-image":"","background-repeat":"repeat","background-position":"center center","background-size":"auto","background-attachment":"scroll","background-type":"","background-media":"","overlay-type":"","overlay-color":"","overlay-opacity":"","overlay-gradient":""},"mobile":{"background-color":"","background-image":"","background-repeat":"repeat","background-position":"center center","background-size":"auto","background-attachment":"scroll","background-type":"","background-media":"","overlay-type":"","overlay-color":"","overlay-opacity":"","overlay-gradient":""}},"ast-content-background-meta":{"desktop":{"background-color":"var(--ast-global-color-5)","background-image":"","background-repeat":"repeat","background-position":"center center","background-size":"auto","background-attachment":"scroll","background-type":"","background-media":"","overlay-type":"","overlay-color":"","overlay-opacity":"","overlay-gradient":""},"tablet":{"background-color":"var(--ast-global-color-5)","background-image":"","background-repeat":"repeat","background-position":"center center","background-size":"auto","background-attachment":"scroll","background-type":"","background-media":"","overlay-type":"","overlay-color":"","overlay-opacity":"","overlay-gradient":""},"mobile":{"background-color":"var(--ast-global-color-5)","background-image":"","background-repeat":"repeat","background-position":"center center","background-size":"auto","background-attachment":"scroll","background-type":"","background-media":"","overlay-type":"","overlay-color":"","overlay-opacity":"","overlay-gradient":""}},"footnotes":""},"class_list":["post-45","page","type-page","status-publish","hentry"],"_links":{"self":[{"href":"https:\/\/www.esterinkirja.fi\/index.php\/wp-json\/wp\/v2\/pages\/45","targetHints":{"allow":["GET"]}}],"collection":[{"href":"https:\/\/www.esterinkirja.fi\/index.php\/wp-json\/wp\/v2\/pages"}],"about":[{"href":"https:\/\/www.esterinkirja.fi\/index.php\/wp-json\/wp\/v2\/types\/page"}],"author":[{"embeddable":true,"href":"https:\/\/www.esterinkirja.fi\/index.php\/wp-json\/wp\/v2\/users\/1"}],"replies":[{"embeddable":true,"href":"https:\/\/www.esterinkirja.fi\/index.php\/wp-json\/wp\/v2\/comments?post=45"}],"version-history":[{"count":62,"href":"https:\/\/www.esterinkirja.fi\/index.php\/wp-json\/wp\/v2\/pages\/45\/revisions"}],"predecessor-version":[{"id":587,"href":"https:\/\/www.esterinkirja.fi\/index.php\/wp-json\/wp\/v2\/pages\/45\/revisions\/587"}],"wp:attachment":[{"href":"https:\/\/www.esterinkirja.fi\/index.php\/wp-json\/wp\/v2\/media?parent=45"}],"curies":[{"name":"wp","href":"https:\/\/api.w.org\/{rel}","templated":true}]}}